{"id":38,"date":"2014-11-28T15:36:24","date_gmt":"2014-11-28T13:36:24","guid":{"rendered":"http:\/\/buendnis-inklusion.de\/?page_id=38"},"modified":"2016-06-22T21:33:09","modified_gmt":"2016-06-22T19:33:09","slug":"dokumente-presse","status":"publish","type":"page","link":"https:\/\/buendnis-inklusion.de\/?page_id=38","title":{"rendered":"Presse und Dokumente"},"content":{"rendered":"<p>Hier finden Sie alle Pressemitteilungen und <a href=\"#Berichte\">Berichterstattungen <\/a>in der Presse zu dem Hamburger B\u00fcndnis f\u00fcr schulische Inklusion.<\/p>\n<table border=\"0\" width=\"625\" cellspacing=\"0\" cellpadding=\"5\">\n<colgroup>\n<col width=\"128\" \/>\n<col width=\"128\" \/><\/colgroup>\n<tbody>\n<tr valign=\"TOP\">\n<td width=\"70%\">Pressemitteilung vom <strong>02. Dezember 2015<\/strong> &#8211; Schulsenator k\u00fcrzt 10 Lehrerstellen f\u00fcr die Inklusion an Stadtteilschulen<\/td>\n<td width=\"30%\"><a href=\"http:\/\/buendnis-inklusion.de\/wp-content\/uploads\/2015\/12\/Presseerkl\u00e4rung_02_12_15_10_Stellen_gek\u00fcrzt_B\u00fcndnis-inklusion.pdf\">PM 10 Stellen gek\u00fcrzt Dez. 2015<\/a><\/td>\n<\/tr>\n<tr valign=\"TOP\">\n<td width=\"70%\">Pressemitteilung vom <strong>13. April\u00a02015<\/strong> &#8211; Schulische Inklusion in der Koalitionsvereinbarung &#8211; Ein gro\u00dfes Versprechen und erste Schritte<\/td>\n<td width=\"30%\"><a href=\"http:\/\/buendnis-inklusion.de\/wp-content\/uploads\/2015\/12\/Presseerkl\u00e4rung-13.4.15-Hamburger-B\u00fcndnis-f\u00fcr-schulische-Inklusion.pdf\">PM Schulische Inklusion in der Koalitionsvereinbarung<\/a><\/td>\n<\/tr>\n<tr valign=\"TOP\">\n<td width=\"70%\">Pressemitteilung vom <strong>26. Februar2015<\/strong>\u00a0&#8211; Appell an die Gr\u00fcnen:<br \/>\n&#8222;Wort halten bei den Koalitionsverhandlungen \u00fcber schulische Inklusion&#8220;<\/td>\n<td width=\"30%\"><a href=\"http:\/\/buendnis-inklusion.de\/wp-content\/uploads\/2015\/02\/Presseerkl\u00e4rung-zu-den-Koalitionsverhandllungen-Inklusionsb\u00fcndnis.pdf\">PM zu den Koalitionsverhandllungen<\/a><\/td>\n<\/tr>\n<tr valign=\"TOP\">\n<td width=\"70%\">Pressemitteilung vom <strong>5.\u00a0Januar\u00a0 2015<\/strong>\u00a0&#8211; Aufruf &#8222;Jetzt werden die Weichen f\u00fcr die Personalversorgung der Inklusion bis 2020 gestellt&#8220;<\/td>\n<td width=\"30%\"><a href=\"http:\/\/buendnis-inklusion.de\/wp-content\/uploads\/2015\/01\/5.1.15-Aufruf_Jetzt-werden-die-Weichen-gestellt.pdf\" target=\"_blank\">PM Aufruf Jan 15<\/a><\/td>\n<\/tr>\n<tr valign=\"TOP\">\n<td width=\"70%\">Pressemitteilung vom <strong>2.\u00a0Januar\u00a0 2015<\/strong>\u00a0zu den Zahlen der Schulbeh\u00f6rde bzgl. des\u00a0<strong>sonderp\u00e4dagogischen F\u00f6rderbedarf<\/strong> von Sch\u00fclern in Hamburg<\/td>\n<td width=\"30%\"><a href=\"http:\/\/buendnis-inklusion.de\/wp-content\/uploads\/2015\/01\/Presseerkl\u00e4rung-2.1.15-Hamburger-B\u00fcndnis-f\u00fcr-schulische-Inklusion.pdf\" target=\"_blank\">PM F\u00f6rderbedarf Jan 15<\/a><\/td>\n<\/tr>\n<tr valign=\"TOP\">\n<td width=\"70%\">Pressemitteilung vom <strong>16. Dezember 2014<\/strong> zu den geplanten<strong>\u00a0Aktionen im Januar<\/strong> f\u00fcr bessere Rahmenbedingungen f\u00fcr die Inklusion<\/td>\n<td width=\"30%\">\u00a0<a href=\"http:\/\/buendnis-inklusion.de\/wp-content\/uploads\/2014\/12\/PM_Gebrochen_Dez_14.pdf\" target=\"_blank\">PM_Gebrochen_Dez_14<\/a><\/td>\n<\/tr>\n<tr valign=\"TOP\">\n<td width=\"70%\">Pressemitteilung vom <strong>03. November 2014 <\/strong>zum <strong>Memorandum<\/strong><\/td>\n<td width=\"30%\">\u00a0<a href=\"http:\/\/buendnis-inklusion.de\/wp-content\/uploads\/2014\/11\/PM_Inklusion_Nov_14.pdf\" target=\"_blank\">PM_Inklusion_Nov_14<\/a><\/td>\n<\/tr>\n<\/tbody>\n<\/table>\n<h4><\/h4>\n<p>&nbsp;<\/p>\n<h4 id=\"Berichte\">Aktuelle Berichterstattung \u00fcber das Hamburger B\u00fcndnis f\u00fcr schulische Inklusion:<\/h4>\n<table border=\"0\" width=\"625\" cellspacing=\"0\" cellpadding=\"5\">\n<colgroup>\n<col width=\"256\" \/>\n<col width=\"256\" \/><\/colgroup>\n<tbody>\n<tr valign=\"TOP\">\n<td width=\"90%\"><strong>TAZ\u00a0(13.12.2015):<\/strong> Rot-Gr\u00fcn knausert bei Inklusion<\/td>\n<td width=\"10%\"><a href=\"http:\/\/www.taz.de\/Streit-im-Lehrer-Stellen\/!5257106\/\">Link<\/a><\/td>\n<\/tr>\n<tr valign=\"TOP\">\n<td width=\"90%\"><strong>Hamburger Abendblatt (26.09.2015):<\/strong> &#8222;Wie funktioniert Inklusion \u2013 drei Beispiele aus Hamburg&#8220;<\/td>\n<td width=\"10%\"><a href=\"http:\/\/www.abendblatt.de\/hamburg\/article205798985\/Wie-funktioniert-Inklusion-drei-Beispiele-aus-Hamburg.html\">Link<\/a><\/td>\n<\/tr>\n<tr valign=\"TOP\">\n<td width=\"90%\"><strong>HH Mittendrin\u00a0(10.09.2015):<\/strong> &#8222;Eine Schule f\u00fcr alle: Hamburgs holpriger Weg zur Inklusion&#8220;<\/td>\n<td width=\"10%\"><a href=\"http:\/\/hh-mittendrin.de\/2015\/09\/eine-schule-fuer-alle-hamburgs-holpriger-weg-zur-inklusion\/\">Link<\/a><\/td>\n<\/tr>\n<\/tbody>\n<\/table>\n<h4><\/h4>\n<p>&nbsp;<\/p>\n<h4 id=\"Berichte\">Bisherige Berichterstattung \u00fcber das Hamburger B\u00fcndnis f\u00fcr schulische Inklusion:<\/h4>\n<table border=\"0\" width=\"625\" cellspacing=\"0\" cellpadding=\"5\">\n<colgroup>\n<col width=\"256\" \/>\n<col width=\"256\" \/><\/colgroup>\n<tbody>\n<tr valign=\"TOP\">\n<td width=\"90%\"><strong>RTL Nord\u00a0(27.01.2015):<\/strong> &#8222;Inklusion in Hamburg.\u00a0Schulleiter und Eltern fordern mehr Personal&#8220;<\/td>\n<td width=\"10%\"><a title=\"Link\" href=\"http:\/\/www.rtlnord.de\/nachrichten\/mehr-paedagogen-fuer-lernschwache-kinder.html\" target=\"_blank\">Link<\/a><\/td>\n<\/tr>\n<tr valign=\"TOP\">\n<td width=\"90%\"><strong>Deutschlandfunk\u00a0(27.01.2015):<\/strong> &#8222;Proteste gegen die Art der Umsetzung der Inklusion&#8220;<\/td>\n<td width=\"10%\"><a title=\"Link\" href=\"http:\/\/www.deutschlandfunk.de\/hamburg-proteste-gegen-die-art-der-umsetzung-der-inklusion.680.de.html?dram:article_id=309933\" target=\"_blank\">Link<\/a><\/td>\n<\/tr>\n<tr valign=\"TOP\">\n<td width=\"90%\"><strong>MoPo\u00a0(27.01.2015):<\/strong> &#8222;Mehr Geld f\u00fcr die Schulen &#8211;\u00a0Inklusions-Demo in der City&#8220;<\/td>\n<td width=\"10%\"><a title=\"Link\" href=\"http:\/\/www.mopo.de\/politik\/mehr-geld-fuer-die-schulen-800-teilnehmer--inklusions-demo-in-der-city,5067150,29670808.html\" target=\"_blank\">Link<\/a><\/td>\n<\/tr>\n<tr valign=\"TOP\">\n<td width=\"90%\"><strong>Hamburger Abendblatt\u00a0(26.01.2015):<\/strong> &#8222;Gro\u00dfe Demonstration f\u00fcr bessere Inklusion in Schulen&#8220;<\/td>\n<td width=\"10%\"><a title=\"Link\" href=\"http:\/\/www.abendblatt.de\/hamburg\/article136793961\/Grosse-Demonstration-fuer-bessere-Inklusion-in-Schulen.html\" target=\"_blank\">Link<\/a><\/td>\n<\/tr>\n<tr valign=\"TOP\">\n<td width=\"90%\"><strong>Hamburg 1 (13.01.2015):<\/strong> &#8222;Schalthoff Live zum Thema schulische Inklusion&#8220;<\/td>\n<td width=\"10%\"><a href=\"http:\/\/www.hamburg1.de\/sendungen\/SchalthoffLive\/Schulische_Inklusion_gescheitert-4270.html\" target=\"_blank\">Link<\/a><\/td>\n<\/tr>\n<tr valign=\"TOP\">\n<td width=\"90%\"><strong>Hamburger Abendblatt\u00a0(10.01.2015): &#8222;<\/strong>Warum Schulsenator und Lehrer sich pl\u00f6tzlich streiten&#8220;<\/td>\n<td width=\"10%\"><a href=\"http:\/\/www.abendblatt.de\/hamburg\/kommunales\/article136226760\/Warum-Schulsenator-und-Lehrer-sich-ploetzlich-streiten.html\" target=\"_blank\">Link<\/a><\/td>\n<\/tr>\n<tr valign=\"TOP\">\n<td width=\"90%\"><strong>TAZ\u00a0\u00a0(08.01.2015): <\/strong>&#8222;Politik in letzter Minute&#8220;<\/td>\n<td width=\"10%\"><a href=\"http:\/\/www.taz.de\/Kommentar-zur-Hamburger-Schulpolitik\/!152518\/\" target=\"_blank\">Link<\/a><\/td>\n<\/tr>\n<tr valign=\"TOP\">\n<td width=\"90%\"><strong>Hamburg 1 TV &#8222;Nachgefragt&#8220;\u00a0(08.01.2015): <\/strong>Pit Katzer vom &#8222;Hamburger B\u00fcndnis f\u00fcr schulische Inklusion&#8220; im Interview<\/td>\n<td width=\"10%\"><a href=\"http:\/\/www.hamburg1.de\/aktuell\/Streit_um_Inklusion_an_Hamburgs_Schulen-23121.html\" target=\"_blank\">Link<\/a><\/td>\n<\/tr>\n<tr valign=\"TOP\">\n<td width=\"90%\"><strong>Stern\u00a0(08.01.2015): <\/strong>&#8222;Schulische Inklusion in Hamburg \u2013 aktueller Streit um Zahlen&#8220;<\/td>\n<td width=\"10%\"><a href=\"http:\/\/blogs.stern.de\/allesanderealsdown\/schulische-inklusion-in-hamburg-aktueller-streit-um-zahlen\/\" target=\"_blank\">Link<\/a><\/td>\n<\/tr>\n<tr valign=\"TOP\">\n<td width=\"90%\"><strong>Hamburger Abendblatt\u00a0(08.01.2015): <\/strong>&#8222;Ties Rabe legt Zahlen vor: Extra-F\u00f6rderung f\u00fcr jedes 15. Schulkind&#8220;<\/td>\n<td width=\"10%\"><a href=\"http:\/\/www.abendblatt.de\/hamburg\/article136144874\/Ties-Rabe-legt-Zahlen-vor-Extra-Foerderung-fuer-jedes-15-Schulkind.html\" target=\"_blank\">Link<\/a><\/td>\n<\/tr>\n<tr valign=\"TOP\">\n<td width=\"90%\"><strong>TAZ\u00a0(08.01.2015): <\/strong>&#8222;Rabe legt Zahlen offen&#8220;<\/td>\n<td width=\"10%\"><a href=\"http:\/\/www.taz.de\/Deutlich-hoeherer-Foerderbedarf\/!152517\/\" target=\"_blank\">Link<\/a><\/td>\n<\/tr>\n<tr valign=\"TOP\">\n<td width=\"90%\"><strong>NDR Hamburg Journal\u00a0(06.01.2015): <\/strong>&#8222;Streit um Inklusionszahlen&#8220;<\/td>\n<td width=\"10%\"><a title=\"Streit um Inklusionszahlen\" href=\"http:\/\/www.ndr.de\/fernsehen\/sendungen\/hamburg_journal\/Streit-um-Inklusionszahlen,hamj38248.html\" target=\"_blank\">Link<\/a><\/td>\n<\/tr>\n<tr valign=\"TOP\">\n<td width=\"90%\"><strong>Hamburger Abendblatt\u00a0(06.01.2015): <\/strong>&#8222;Kritik an Schulsenator Rabe: Inklusionsdaten geheim gehalten&#8220;<\/td>\n<td width=\"10%\"><a title=\"Kritik an Schulsenator Rabe: Inklusionsdaten geheim gehalten\" href=\"http:\/\/www.abendblatt.de\/hamburg\/article136054031\/Kritik-an-Schulsenator-Rabe-Inklusionsdaten-geheim-gehalten.html\">Link<\/a><\/td>\n<\/tr>\n<tr valign=\"TOP\">\n<td width=\"90%\"><strong>TAZ\u00a0(03.01.2015): &#8222;<\/strong>Schulsenator Rabe sitzt auf den Zahlen&#8220;<\/td>\n<td width=\"10%\"><a href=\"http:\/\/www.taz.de\/Inklusion-in-Hamburg\/!152251\/\" target=\"_blank\">Link<\/a><\/td>\n<\/tr>\n<tr valign=\"TOP\">\n<td width=\"90%\"><strong>Hamburger Abendblatt\u00a0(03.01.2015): <\/strong>\u201eB\u00fcndnis f\u00fcr Inklusion: &#8222;Schulsenator h\u00e4lt brisante Zahlen zur\u00fcck&#8220;<\/td>\n<td width=\"10%\"><a title=\"B\u00fcndnis f\u00fcr Inklusion: &quot;Schulsenator h\u00e4lt brisante Zahlen zur\u00fcck&quot;\" href=\"http:\/\/www.abendblatt.de\/hamburg\/article135962510\/Buendnis-fuer-Inklusion-Schulsenator-haelt-brisante-Zahlen-zurueck.html\">Link<\/a><\/td>\n<\/tr>\n<tr valign=\"TOP\">\n<td width=\"90%\"><strong>DIE WELT (04.11.2014): <\/strong>\u201eGro\u00dfes B\u00fcndnis f\u00fcr Inklusion \u2013 Gewerkschaften und Eltern fordern mehr Personal\u201c<\/td>\n<td width=\"10%\"><a href=\"http:\/\/www.welt.de\/print\/die_welt\/hamburg\/article133957437\/Grosses-Buendnis-fuer-Inklusion-an-Schulen.html\" target=\"_blank\"><span style=\"color: #0066cc;\">Link<\/span><\/a><\/td>\n<\/tr>\n<tr valign=\"TOP\">\n<td width=\"90%\"><strong>Hamburger Abendblatt (03.11.2014): <\/strong>\u201eNeues B\u00fcndnis will Inklusion an Schulen besser machen\u201c<\/td>\n<td width=\"10%\"><a href=\"http:\/\/www.abendblatt.de\/hamburg\/hamburg-mitte\/article133937965\/Neues-Buendnis-will-Inklusion-an-Schulen-besser-machen.html\" target=\"_blank\"><span style=\"color: #0066cc;\">Link<\/span><\/a><\/td>\n<\/tr>\n<tr valign=\"TOP\">\n<td width=\"90%\"><strong>NDR (03.11.2014): <\/strong>\u201eBreites B\u00fcndnis fordert bessere Inklusion \u2013 Druck vor B\u00fcrgerschaftswahl\u201c<\/td>\n<td width=\"10%\"><a href=\"http:\/\/www.ndr.de\/nachrichten\/hamburg\/Breites-Buendnis-fordert-bessere-Inklusion-,inklusion314.html\" target=\"_blank\"><span style=\"color: #0066cc;\">Link<\/span><\/a><\/td>\n<\/tr>\n<tr valign=\"TOP\">\n<td width=\"90%\"><strong>bildungsklick (03.11.2014): <\/strong>\u201eB\u00fcndnis f\u00fcr schulische Inklusion stellt Memorandum vor\u201c<\/td>\n<td width=\"10%\"><a href=\"http:\/\/bildungsklick.de\/pm\/92492\/buendnis-fuer-schulische-inklusion-stellt-memorandum-vor\/\" target=\"_blank\"><span style=\"color: #0066cc;\">Link<\/span><\/a><\/td>\n<\/tr>\n<\/tbody>\n<\/table>\n","protected":false},"excerpt":{"rendered":"<p>Hier finden Sie alle Pressemitteilungen und Berichterstattungen in der Presse zu dem Hamburger B\u00fcndnis f\u00fcr schulische Inklusion. Pressemitteilung vom 02. Dezember 2015 &#8211; Schulsenator k\u00fcrzt 10 Lehrerstellen f\u00fcr die Inklusion an Stadtteilschulen PM 10 Stellen gek\u00fcrzt Dez. 2015 Pressemitteilung vom 13. April\u00a02015 &#8211; Schulische Inklusion in der Koalitionsvereinbarung &#8211; Ein gro\u00dfes Versprechen und erste Schritte [&hellip;]<\/p>\n","protected":false},"author":1,"featured_media":0,"parent":0,"menu_order":0,"comment_status":"closed","ping_status":"closed","template":"","meta":{"footnotes":""},"_links":{"self":[{"href":"https:\/\/buendnis-inklusion.de\/index.php?rest_route=\/wp\/v2\/pages\/38"}],"collection":[{"href":"https:\/\/buendnis-inklusion.de\/index.php?rest_route=\/wp\/v2\/pages"}],"about":[{"href":"https:\/\/buendnis-inklusion.de\/index.php?rest_route=\/wp\/v2\/types\/page"}],"author":[{"embeddable":true,"href":"https:\/\/buendnis-inklusion.de\/index.php?rest_route=\/wp\/v2\/users\/1"}],"replies":[{"embeddable":true,"href":"https:\/\/buendnis-inklusion.de\/index.php?rest_route=%2Fwp%2Fv2%2Fcomments&post=38"}],"version-history":[{"count":61,"href":"https:\/\/buendnis-inklusion.de\/index.php?rest_route=\/wp\/v2\/pages\/38\/revisions"}],"predecessor-version":[{"id":613,"href":"https:\/\/buendnis-inklusion.de\/index.php?rest_route=\/wp\/v2\/pages\/38\/revisions\/613"}],"wp:attachment":[{"href":"https:\/\/buendnis-inklusion.de\/index.php?rest_route=%2Fwp%2Fv2%2Fmedia&parent=38"}],"curies":[{"name":"wp","href":"https:\/\/api.w.org\/{rel}","templated":true}]}}