{"id":44,"date":"2014-11-28T15:40:34","date_gmt":"2014-11-28T13:40:34","guid":{"rendered":"http:\/\/buendnis-inklusion.de\/?page_id=44"},"modified":"2024-02-19T19:27:42","modified_gmt":"2024-02-19T17:27:42","slug":"beteiligte-organisationen","status":"publish","type":"page","link":"https:\/\/buendnis-inklusion.de\/?page_id=44","title":{"rendered":"Beteiligte Organisationen"},"content":{"rendered":"<p><a href=\"http:\/\/buendnis-inklusion.de\/wp-content\/uploads\/2014\/04\/buendnis-logo-e1416817811594.png\"><img loading=\"lazy\" decoding=\"async\" class=\"alignleft wp-image-4\" src=\"http:\/\/buendnis-inklusion.de\/wp-content\/uploads\/2014\/04\/buendnis-logo-e1416817811594.png\" alt=\"buendnis-logo\" width=\"120\" height=\"115\" \/><\/a>Das Hamburger B\u00fcndnis f\u00fcr schulische Inklusion ist offen f\u00fcr neue B\u00fcndnispartner, die sich mit den im <a title=\"Memorandum\" href=\"http:\/\/buendnis-inklusion.de\/?page_id=2\">Memorandum<\/a> formulierten Zielen identifizieren k\u00f6nnen.<\/p>\n<p>Bei Interesse <a title=\"Kontakt und Impressum\" href=\"http:\/\/buendnis-inklusion.de\/?page_id=21\">kontaktieren Sie uns bitte<\/a>.<\/p>\n<p>Bisher sind folgende 28 Organisationen am B\u00fcndnis beteiligt:<\/p>\n<p><a href=\"http:\/\/www.asbh-hamburg.de\/\" target=\"_blank\" rel=\"noopener\">ASBH &#8211; Arbeitsgemeinschaft Spina bifida und Hydrocephalus Hamburg e.V.<\/a><br \/>\n<a href=\"http:\/\/www.autismushamburg.de\/\" target=\"_blank\" rel=\"noopener\">Autismus Hamburg e.V.<\/a><br \/>\n<a href=\"http:\/\/www.bds-hh.de\/\" target=\"_blank\" rel=\"noopener\">BdS Bund der Schwerh\u00f6rigen e. V.<\/a><br \/>\n<a href=\"http:\/\/www.civ-nord.de\">Cochlear Implant Verband Nord e.V.<\/a><br \/>\n<a href=\"http:\/\/hamburg.dgb.de\/\" target=\"_blank\" rel=\"noopener\">DGB &#8211; Deutscher Gewerkschaftsbund Hamburg<\/a><br \/>\nEine Schule f\u00fcr Alle e.V.<br \/>\nElbschulEltern<br \/>\n<a href=\"http:\/\/www.elternkammer-hamburg.de\" target=\"_blank\" rel=\"noopener\">Elternkammer Hamburg<\/a><br \/>\n<a href=\"http:\/\/lieber-schulsenator-in-spe.de\/\" target=\"_blank\" rel=\"noopener\">Eltern-Netzwerk &#8222;Vernetzung Inklusion&#8220;<\/a><br \/>\n<a href=\"http:\/\/www.elternverein-hamburg.de\/\" target=\"_blank\" rel=\"noopener\">Elternverein Hamburg e.V.<\/a><br \/>\n<a href=\"http:\/\/www.alsterdorf.de\/start.html\">Evangelische Stiftung Alsterdorf<\/a><br \/>\n<a title=\"Hamburger Arbeitsassistenz\" href=\"http:\/\/www.hamburger-arbeitsassistenz.de\/\" target=\"_blank\" rel=\"noopener\">Hamburger Arbeitsassistenz<\/a><br \/>\n<a href=\"http:\/\/www.glvhh.de\">Geh\u00f6rlosenverband Hamburg e.V.<\/a><br \/>\n<a href=\"https:\/\/www.gew-hamburg.de\/\">GEW &#8211; Gewerkschaft Erziehung und Wissenschaft<\/a><br \/>\n<a href=\"http:\/\/www.arge.schule-hamburg.de\/welcome.htm\">GEST \u2013 Gemeinschaft der Elternr\u00e4te an Stadtteilschulen in Hamburg<\/a><br \/>\n<a href=\"http:\/\/www.ggg-hamburg.de\/\">GGG &#8211; Gemeinn\u00fctzige Gesellschaft Gesamtschule e. V.<\/a><br \/>\n<a href=\"http:\/\/www.grundschulverband.de\/landesgruppen\/landesgruppe-hamburg\/\">Grundschulverband e.V. Landesgruppe Hamburg<\/a><br \/>\n<a href=\"http:\/\/www.kidshamburg.de\/\">KIDS Hamburg e.V. Kontakt-und Informationszentrum Down-Syndrom<\/a><br \/>\n<a href=\"http:\/\/www.kinderwelt-hamburg.de\/Home.495.0.html\">Kinderwelt Hamburg e.V.<\/a><br \/>\n<a href=\"http:\/\/www.eltern-fuer-inklusion.de\/\">Landesarbeitsgemeinschaft Eltern f\u00fcr Inklusion e.V.<\/a><br \/>\n<a href=\"https:\/\/www.dbl-ev.de\/der-dbl\/alle-landesverbaende\/hamburg.html\">Hamburger Landesverband f\u00fcr Logop\u00e4die<\/a><br \/>\n<a href=\"http:\/\/lehrerkammer.hamburg.de\/\">Lehrerkammer Hamburg<\/a><br \/>\n<a href=\"http:\/\/www.skh.de\/\">Sch\u00fclerkammer Hamburg<\/a><br \/>\n<a href=\"http:\/\/www.sglev.de\/\">Sch\u00fclerGerechtLernen e. V.<\/a><br \/>\n<a href=\"http:\/\/www.soal.de\/\">SOAL e.V.<\/a><br \/>\n<a href=\"http:\/\/www.vihs.de\">ViHS &#8211; Verband Inklusion an Hamburger Schulen e.V.<\/a><br \/>\n<a href=\"https:\/\/hamburg.verdi.de\/\">ver.di Hamburg \u2013 Fachbereiche Bund, L\u00e4nder und Gemeinden<\/a><br \/>\n<a href=\"https:\/\/dve.info\/\">Verband der ErgotherapeutInnen e. V. &#8211; Hamburger Arbeitsgruppe &#8222;schulbasierte Ergotherapie&#8220;<\/a><br \/>\n<a href=\"http:\/\/www.vhs-ev.de\/\">VHS \u2013 Verband Hamburger Schulleitungen<\/a><\/p>\n<p>Stand\u00a0September 2019<\/p>\n","protected":false},"excerpt":{"rendered":"<p>Das Hamburger B\u00fcndnis f\u00fcr schulische Inklusion ist offen f\u00fcr neue B\u00fcndnispartner, die sich mit den im Memorandum formulierten Zielen identifizieren k\u00f6nnen. Bei Interesse kontaktieren Sie uns bitte. Bisher sind folgende 28 Organisationen am B\u00fcndnis beteiligt: ASBH &#8211; Arbeitsgemeinschaft Spina bifida und Hydrocephalus Hamburg e.V. Autismus Hamburg e.V. BdS Bund der Schwerh\u00f6rigen e. V. Cochlear Implant [&hellip;]<\/p>\n","protected":false},"author":1,"featured_media":0,"parent":11,"menu_order":0,"comment_status":"closed","ping_status":"closed","template":"","meta":{"footnotes":""},"_links":{"self":[{"href":"https:\/\/buendnis-inklusion.de\/index.php?rest_route=\/wp\/v2\/pages\/44"}],"collection":[{"href":"https:\/\/buendnis-inklusion.de\/index.php?rest_route=\/wp\/v2\/pages"}],"about":[{"href":"https:\/\/buendnis-inklusion.de\/index.php?rest_route=\/wp\/v2\/types\/page"}],"author":[{"embeddable":true,"href":"https:\/\/buendnis-inklusion.de\/index.php?rest_route=\/wp\/v2\/users\/1"}],"replies":[{"embeddable":true,"href":"https:\/\/buendnis-inklusion.de\/index.php?rest_route=%2Fwp%2Fv2%2Fcomments&post=44"}],"version-history":[{"count":33,"href":"https:\/\/buendnis-inklusion.de\/index.php?rest_route=\/wp\/v2\/pages\/44\/revisions"}],"predecessor-version":[{"id":1139,"href":"https:\/\/buendnis-inklusion.de\/index.php?rest_route=\/wp\/v2\/pages\/44\/revisions\/1139"}],"up":[{"embeddable":true,"href":"https:\/\/buendnis-inklusion.de\/index.php?rest_route=\/wp\/v2\/pages\/11"}],"wp:attachment":[{"href":"https:\/\/buendnis-inklusion.de\/index.php?rest_route=%2Fwp%2Fv2%2Fmedia&parent=44"}],"curies":[{"name":"wp","href":"https:\/\/api.w.org\/{rel}","templated":true}]}}