{"id":714,"date":"2017-01-22T16:32:26","date_gmt":"2017-01-22T14:32:26","guid":{"rendered":"http:\/\/buendnis-inklusion.de\/?page_id=714"},"modified":"2017-07-08T12:37:00","modified_gmt":"2017-07-08T10:37:00","slug":"weiterlesen-links-und-literatur","status":"publish","type":"page","link":"https:\/\/buendnis-inklusion.de\/?page_id=714","title":{"rendered":"Weiterlesen: Links und Literatur"},"content":{"rendered":"<p>F\u00fcr Ihre weitere Besch\u00e4ftigung mit dem Thema Inklusion haben wir einige weiterf\u00fchrende Literaturhinweise und Links zusammengestellt <em><strong>(<\/strong><\/em><a href=\"http:\/\/buendnis-inklusion.de\/wp-content\/uploads\/2017\/01\/Inklusion_Literatur_Links.pdf\"><em><strong>pdf<\/strong><\/em> hier<\/a>):<\/p>\n<p><a href=\"#Literatur\">Literatur zum Inklusionsbegriff<\/a><\/p>\n<p><a href=\"#Studies\">Disability Studies<\/a><\/p>\n<p><a href=\"#Biografien\">Biografische Literatur von Menschen mit Behinderungen und ihren Angeh\u00f6rigen<\/a><\/p>\n<p><a href=\"#Blogs\">Blogs von Betroffenen, Journalisten und Aktivisten<\/a><\/p>\n<p><a href=\"#Links\">Links zu interessanten Projekten und Hilfsmitteln im Netz<\/a><\/p>\n<h2 id=\"Literatur\">\u00a0Literatur zum Inklusionsbegriff<\/h2>\n<ul>\n<li>Balgo, R.\/R.Voss (1996): Wenn das Lernen der Kinder zum Problem gemacht wird [<a href=\"https:\/\/www.uni-koblenz.de\/%7Edidaktik\/voss\/lernen.pdf\">https:\/\/www.uni-koblenz.de\/%7Edidaktik\/voss\/lernen.pdf<\/a>, Zugriff am 23.12.2016]<\/li>\n<li>Beh\u00f6rde f\u00fcr Schule und Berufsbildung Hamburg: Handreichung zu Inklusiver Bildung und sonderp\u00e4dagogische F\u00f6rderung: <a href=\"https:\/\/www.hamburg.de\/inklusion-in-hamburgs-schulen-grundlagen-handreichungen\/\">https:\/\/www.hamburg.de\/inklusion-in-hamburgs-schulen-grundlagen-handreichungen\/<\/a><\/li>\n<li>Boban, I.\/Hinz, A. (2004): Qualit\u00e4t des Gemeinsamen Unterrichts (weiter-) entwickeln \u2013 Inklusion [<a href=\"http:\/\/www.trisomie21.de\/inklusion_boban_hinz.pdf\">http:\/\/www.trisomie21.de\/inklusion_boban_hinz.pdf<\/a>, Zugriff am 23.12.2016]<\/li>\n<li>Bulthaup, P. (1996): Zur gesellschaftlichen Funktion der Naturwissenschaften, L\u00fcneburg, Klampen<\/li>\n<li>Cloerkes, G. (Hrsg., 2003): Wie man behindert wird. Texte zur Konstruktion einer sozialen Rolle und zur Lebenssituation betroffener Menschen. (Materialien zur Soziologie der Behinderten, Band 1). Heidelberg, Universit\u00e4tsverlag Winter<\/li>\n<li>Degener, T.: Inklusion als Menschenrecht &#8211; Die UN-Behindertenrechtskonvention als Inklusionsmotor [<a href=\"http:\/\/www.inklusion-als-menschenrecht.de\/gegenwart\/zusatzinformationen\/die-un-behindertenrechtskonvention-als-inklusionsmotor\/\">http:\/\/www.inklusion-als-menschenrecht.de\/gegenwart\/zusatzinformationen\/die-un-behindertenrechtskonvention-als-inklusionsmotor\/<\/a>, Zugriff am 23.12.2016]<\/li>\n<li>Demmer-Dieckmann, I. (2014): Inklusion in der Lehrerbildung: Modelle, Beispiele, Herausforderungen [<a href=\"http:\/\/bundestreffen-2014.de\/data\/Demmer-Dieckmann_langfassung.pdf\">http:\/\/bundestreffen-2014.de\/data\/Demmer-Dieckmann_langfassung.pdf<\/a>, Zugriff am 23.12.2016]<\/li>\n<li>Feuser, G. (1998). Gemeinsames Lernen am gemeinsamen Gegenstand: DidaktischesFundamentum einer Allgemeinen (integrativen) P\u00e4dagogik. In A. Hildeschmidt &amp; I. Schnell (Hrsg.), Integrationsp\u00e4dagogik. Auf dem Weg zu einer Schule f\u00fcr alle. (S. 19\u201335). Weinheim\/M\u00fcnchen: Juventa Verlag<\/li>\n<li>Frehe, H. (2015): \u00dcberlegungen zur Reform des Behinderungsbegriffs [<a href=\"http:\/\/www.reha-recht.de\/fileadmin\/user_upload\/RehaRecht\/Diskussionsforen\/Forum_D\/2015\/D32-2015_Ueberlegungen_zur_Reform_des_Behinderungsbegriffs.pdf\">http:\/\/www.reha-recht.de\/fileadmin\/user_upload\/RehaRecht\/Diskussionsforen\/Forum_D\/2015\/D32-2015_Ueberlegungen_zur_Reform_des_Behinderungsbegriffs.pdf<\/a>, Zugriff am 23.12.2016]<\/li>\n<li>Klemm, K. (2015): Inklusion in Deutschland \u2013 Daten und Fakten. Gutachten im Auftrag der Bertelsmann Stiftung. G\u00fctersloh<\/li>\n<li>Merz-Atalik, K. (2015): Experteninterview zur Lehrerbildung f\u00fcr Inklusion. In: Inklusionsorientierte Lehrerbildung \u2013 Vom Schlagwort zur Realit\u00e4t?! Hrsg. Vom Centrum f\u00fcr Hochschulentwicklung\/ Monitor Lehrerbildung [<a href=\"http:\/\/www.che.de\/downloads\/Monitor_Lehrerbildung_Inklusion_04_2015.pdf\">http:\/\/www.che.de\/downloads\/Monitor_Lehrerbildung_Inklusion_04_2015.pdf<\/a>, Zugriff am 23.12.2016]<\/li>\n<li>Peters, S.\/U. Widmer-Rockstroh (Hrsg., 2014): Gemeinsam unterwegs zur inklusiven Schule, Grundschulverband Frankfurt am Main<\/li>\n<li>Prengel, Annedore (2006): P\u00e4dagogik der Vielfalt. Verschiedenheit und Gleichberechtigung in Interkultureller, Feministischer und Integrativer P\u00e4dagogik. Wiesbaden. (1. Auflage Opladen 1993, 3. Auflage 2006).<\/li>\n<li>Reich, K. (2014): Inklusive Didaktik &#8211; Bausteine f\u00fcr eine inklusive Schule, Weinheim und Basel<\/li>\n<li>Riegert, J.\/O. Musenberg (Hrsg., 2015), Inklusiver Fachunterricht in der Sekundarstufe, Stuttgart<\/li>\n<li>Sch\u00f6ler, J.\/Merz-Atalik, K.\/Dorrance, C. (2010): Auf dem Weg zur Schule f\u00fcr alle? Die Umsetzung der UN-Behindertenrechtskonventionim Bildungsbereich: Vergleich ausgew\u00e4hlter europ\u00e4ischer L\u00e4nder und Empfehlungen f\u00fcr die inklusive Bildung in Bayern ,BayernForum der Friedrich-Ebert-Stiftung, M\u00fcnchen [<a href=\"http:\/\/library.fes.de\/pdf-files\/akademie\/bayern\/07824.pdf\">http:\/\/library.fes.de\/pdf-files\/akademie\/bayern\/07824.pdf<\/a>, Zugriff am 23.12.2016]<\/li>\n<li>Schuhmann, B. (2016): Sonderp\u00e4dagogische Diagnostik: fragw\u00fcrdig, besch\u00e4digend, verzichtbar [<a href=\"https:\/\/www.bizeps.or.at\/sonderpaedagogische-diagnostik-fragwuerdig-beschaedigend-verzichtbar\/\">https:\/\/www.bizeps.or.at\/sonderpaedagogische-diagnostik-fragwuerdig-beschaedigend-verzichtbar\/<\/a>, Zugriff am 23.12.2016]<\/li>\n<li>Schuhmann, B. (2016a): B\u00fcndnis fordert Menschenrecht auf inklusive Bildung f\u00fcr alle [<a href=\"https:\/\/www.bizeps.or.at\/buendnis-fordert-menschenrecht-auf-inklusive-bildung-fuer-alle\/\">https:\/\/www.bizeps.or.at\/buendnis-fordert-menschenrecht-auf-inklusive-bildung-fuer-alle\/<\/a>, Zugriff am 23.12.2016]<\/li>\n<li>Schuhmann, B. (2013): Inklusive Bildung braucht inklusive Diagnostik [<a href=\"https:\/\/www.bizeps.or.at\/inklusive-bildung-braucht-inklusive-diagnostik\/\">https:\/\/www.bizeps.or.at\/inklusive-bildung-braucht-inklusive-diagnostik\/<\/a>, Zugriff am 23.12.2016]<\/li>\n<li>Schuhmann, B. (2014): Die Rolle der Sonderp\u00e4dagogik in Zeiten inklusiver Bildung [<a href=\"http:\/\/www.zedis-ev-hochschule-hh.de\/files\/schumann04062014.pdf\">http:\/\/www.zedis-ev-hochschule-hh.de\/files\/schumann04062014.pdf<\/a>, Zugriff am 23.12.2016]<\/li>\n<li>Schuppener, Saskia: Inklusive Schule &#8211; Anforderungen an Lehrer_innenbildung und Professionalisierung. Zeitschrift f\u00fcr Inklusion [<a href=\"http:\/\/www.inklusion-online.net\/index.php\/inklusion-online\/article\/view\/220\/221\">http:\/\/www.inklusion-online.net\/index.php\/inklusion-online\/article\/view\/220\/221<\/a>, Zugriff am 23.12.2016]<\/li>\n<li>Schuppener, S.\/N. Bernhardt\/M. Hauser\/F. Poppe (2014): Diversity im Spiegel von Bildung und Didaktik, Verlag: Klinkhardt, Julius<\/li>\n<li>Siebert, H. (Hrsg., 1998): Konstruktivismus &#8211; Konsequenzen f\u00fcr Bildungsmanagement und Seminargestaltung [<a href=\"https:\/\/www.die-bonn.de\/esprid\/dokumente\/doc-1998\/siebert98_01.pdf\">https:\/\/www.die-bonn.de\/esprid\/dokumente\/doc-1998\/siebert98_01.pdf<\/a>, Zugriff am 23.12.2016]<\/li>\n<li>Sierck, U. und Radtke, N. (1989): Die Wohlt\u00e4termafia. Vom Erbgesundheitsgericht zur Humangenetischen Beratung. Frankfurt a. M.: Mabuse.<\/li>\n<li>Sierck, U. (1989): Das Risiko nichtbehinderte Eltern zu bekommen, M\u00fcnchen<\/li>\n<li>Sierck, U. and Radtke, N. (2015): Dilemma Dankbarkeit, Neu-Ulm<\/li>\n<li>Udo Sierck (2017): Widerspenstig. Eigensinnig. Unbequem. Die unbekannte Geschichte behinderter Menschen. Beltz Verlag [<a href=\"https:\/\/www.beltz.de\/fileadmin\/beltz\/leseproben\/978-3-7799-3611-4.pdf\">https:\/\/www.beltz.de\/fileadmin\/beltz\/leseproben\/978-3-7799-3611-4.pdf<\/a>]<\/li>\n<li>Teschner, R. (2004): Betrachtungen \u00fcber den Versuch die biologische Erkenntnistheorie Humberto Maturanas und Francisco Varelas auf den p\u00e4dagogischen Konstruktivismus von Horst Siebert zu \u00fcbertragen, GRIN Verlag<\/li>\n<li>Waldschmidt, A. (2012): Selbstbestimmung als Konstruktion. Alltagstheorien behinderter Frauen und M\u00e4nner. VS Verlag f\u00fcr Sozialwissenschaften, Wiesbaden<\/li>\n<li>Wocken, H. (2016): Die verf\u00fchrerische Faszination der Inklusionsquote \u2013 Ein Aufschrei gegen die Ettikettierungsschwemme [<a href=\"http:\/\/www.hans-wocken.de\/Texte\/Etikettierungsschwemme.pdf\">http:\/\/www.hans-wocken.de\/Texte\/Etikettierungsschwemme.pdf<\/a>. Zugriff am 23.12.2017]<\/li>\n<li>Wunder, M.\/Sierck, U. (Hrsg.): Sie nennen es F\u00fcrsorge. Behinderte zwischen Vernichtung und Widerstand. Berlin: Verlagsgesellschaft Gesundheit.<\/li>\n<\/ul>\n<p style=\"text-align: right;\"><a href=\"#top\">nach oben<\/a><\/p>\n<h2 id=\"Studies\">Disability Studies<\/h2>\n<ul>\n<li>Waldschmidt, A. (2005): Disability Studies: individuelles, soziales und\/oder kulturelles Modell von Behinderung? [<a href=\"http:\/\/www.ssoar.info\/ssoar\/bitstream\/handle\/document\/1877\/ssoar-psychges-2005-1-waldschmidt-disability_studies_individuelles.pdf?sequence=1\">http:\/\/www.ssoar.info\/ssoar\/bitstream\/handle\/document\/1877\/ssoar-psychges-2005-1-waldschmidt-disability_studies_individuelles.pdf?sequence=1<\/a>, Zugriff am 23.12.2016]<\/li>\n<li><a href=\"http:\/\/www.disability-studies-deutschland.de\/literatur_suchen.php\">http:\/\/www.disability-studies-deutschland.de\/literatur_suchen.php<\/a><\/li>\n<li><a href=\"http:\/\/idis.uni-koeln.de\/downloads\/literatur\/\">http:\/\/idis.uni-koeln.de\/downloads\/literatur\/<\/a><\/li>\n<li><a href=\"http:\/\/www.zedis-ev-hochschule-hh.de\/downloads\/index.html\">http:\/\/www.zedis-ev-hochschule-hh.de\/downloads\/index.html<\/a><\/li>\n<\/ul>\n<p style=\"text-align: right;\"><a href=\"#top\">nach oben<\/a><\/p>\n<h2 id=\"Biografien\">Biografische Literatur von Menschen mit Behinderung und ihren Angeh\u00f6rigen<\/h2>\n<ul>\n<li>Ehrhardt, K. (2015): Henry \u2013 Ein kleiner Junge ver\u00e4ndert die Welt, Heyne Verlag<\/li>\n<li>Gehlhaar, L. (2016): Kann man da noch was machen?, Heyne Verlag<\/li>\n<li>Kaiser, M. (2016): Alles inklusive \u2013 Aus dem Leben mit meiner behinderten Tochter, Fischer<\/li>\n<li>Knauerhase, A. (2016): Autismus mal anders, Books on demand<\/li>\n<li>Krauthausen, R. (2014): Dachdecker wollte ich eh nicht werden, Reinbek<\/li>\n<li>LaGrande, N. (2016): &#8230;und ganz, ganzviele Doofe, Blaulicht Verlag<\/li>\n<li>Urbanski, S. (2015): Am liebsten bin ich Hamlet. Mit dem Down Syndrom mitten im Leben, Fischer<\/li>\n<li>Rosen, M. (2015): Wir gehen auf B\u00e4renjagd, Anderes Sehen e.V., Text in Gro\u00dfschrift und Punktschrift (Braille)<\/li>\n<\/ul>\n<p style=\"text-align: right;\">\u00a0<a href=\"#top\">nach oben<\/a><\/p>\n<h2 id=\"Blogs\" style=\"text-align: left;\">Blogs<\/h2>\n<ul>\n<li style=\"text-align: left;\">\u00a0<a href=\"http:\/\/raul.de\/blog\/\">http:\/\/raul.de\/blog\/<\/a> Als Inklusions-Aktivist und Gr\u00fcnder der SOZIALHELDEN, studierter Kommunikationswirt und Design Thinker arbeitet Raul Krauthausen seit \u00fcber 15 Jahren in der Internet- und Medienwelt. Hier bloggt er \u00fcber vieles, was er tut und plant.<\/li>\n<li><a href=\"https:\/\/rebecca-maskos.net\/tag\/kruppeltribunal\/\">https:\/\/rebecca-maskos.net\/tag\/kruppeltribunal\/<\/a> Rebecca Maskos ist freie Journalistin und wissenschaftliche Mitarbeiterin. Seit vielen Jahren schreibt sie, oft \u00fcber das Thema Behinderung, aus den Perspektiven der Behindertenbewegung und der Disability Studies, journalistisch und wissenschaftlich. Einige meiner aktuellen und \u00e4lteren Texte versammelt dieses Blog.<\/li>\n<li><a href=\"https:\/\/carinakuehne.com\/category\/carinasblog\/\">https:\/\/carinakuehne.com\/category\/carinasblog\/<\/a> Carina K\u00fchne ist Schauspielerin und Aktivistin. Seit vielen Jahren engagiert sie sich f\u00fcr Inklusion und die Rechte von Menschen mit Down-Syndrom.<\/li>\n<li><a href=\"https:\/\/heikos.blog\/\">https:\/\/heikos.blog\/<\/a> Heiko Kunert ist Journalist, Blogger und Gesch\u00e4ftsf\u00fchrer des BSVH. Hier bloggt er f\u00fcr Inklusion und Barrierefreiheit, \u00fcber Blindheit und das Leben.<\/li>\n<li><a href=\"https:\/\/quergedachtes.wordpress.com\/\">https:\/\/quergedachtes.wordpress.com\/<\/a> Alexander Knauerhase bloggt \u00fcber Autismus aus Sicht eines Autisten.<\/li>\n<li><a href=\"http:\/\/ninialagrande.blogspot.de\/\">http:\/\/ninialagrande.blogspot.de\/<\/a> Nina Binias ist Autorin, Moderatorin und Poetry Slammerin. Seit 2015 hat sie ihre eigene TV Shows &#8222;Ninias Fashion Mag&#8220; und &#8222;Ninias Style der Woche&#8220; auf RTL. Als &#8222;Ninia LaGrande&#8220; bloggt sie \u00fcber das Leben, Gro\u00dfstadtgeschichten, Feminismus, Kunst, Musik, Fotografie, Mode und Politik. 2013 wurde das Blog zum Vize-Tagebuchblog des Jahres gew\u00e4hlt, 2014 im Bloggerinnen-Magazin Featurette aufgenommen.<\/li>\n<li><a href=\"https:\/\/fraugehlhaar.wordpress.com\/\">https:\/\/fraugehlhaar.wordpress.com\/<\/a> Laura Gehlhaar ist 1983 in D\u00fcsseldorf geboren und hat Sozialp\u00e4dagogik und Psychologie in Holland und Berlin studiert. 2008 kam sie f\u00fcr die Liebe und einen Job in der Gerontopsychiatrie nach Berlin. Heute arbeitet sie als Coach (univ.), Autorin und Redakteurin f\u00fcr den Sozialhelden e.V. Sie bloggt \u00fcber das Gro\u00dfstadtleben und das Rollstuhlfahren.<\/li>\n<li><a href=\"http:\/\/anastasia-umrik.de\/\">http:\/\/anastasia-umrik.de\/<\/a> Anastasia Umrik hat das Modelabel INKLUWAS gegr\u00fcndet und lebt in Hamburg. Auf ihrer Webseite schreibt sie \u00fcber das Leben und ihre Gedankenwelt.<\/li>\n<li><a href=\"http:\/\/meinaugenschmaus.blogspot.de\/\">http:\/\/meinaugenschmaus.blogspot.de\/<\/a> Hier schreibt Julia Probst \u00fcber ihr Leben als Geh\u00f6rlose.<\/li>\n<li><a href=\"https:\/\/kirstenmalzwei.blogspot.de\/\">https:\/\/kirstenmalzwei.blogspot.de\/<\/a> Kirstenmalzwei sind Kirsten Ehrhardt und Kirsten Jakob. Hier bloggen sie \u00fcber Barrieren im (Schul-) Alltag f\u00fcr behinderte Kindern.<\/li>\n<li><a href=\"http:\/\/kaiserinnenreich.de\/\">http:\/\/kaiserinnenreich.de\/<\/a> Mareice Kaisers inklusiver Familienblog. Hier schreibt sie \u00fcber ihr Leben als Mutter von zwei T\u00f6chtern, mit und ohne Behinderung.<\/li>\n<li><a href=\"https:\/\/textgedanken.wordpress.com\/\">https:\/\/textgedanken.wordpress.com\/<\/a> Gudrun Kellermann ist wissenschaftliche Mitarbeiterin. Sie faszinieren die Themen Disability Studies, Inklusion, Barrierefreiheit, (Anti-)Diskriminierung und Leichte Sprache.<\/li>\n<li><a href=\"http:\/\/blog.zeit.de\/stufenlos\/\">http:\/\/blog.zeit.de\/stufenlos\/<\/a> Der ZEIT-Blog zu Barrierefreiheit und Inklusion.<\/li>\n<li><a href=\"http:\/\/elbschul-eltern.de\/\">http:\/\/elbschul-eltern.de\/<\/a> Hamburger Eltern h\u00f6rbehinderter Kinder schreiben \u00fcber Inklusion und aktuelle Veranstaltungen.<\/li>\n<\/ul>\n<p style=\"text-align: right;\"><a href=\"#top\">nach oben<\/a><\/p>\n<h2 id=\"Links\" style=\"text-align: left;\">Links zu interessanten Projekten und Hilfsmitteln im Netz<\/h2>\n<ul>\n<li><a href=\"http:\/\/leidmedien.de\/\">http:\/\/leidmedien.de\/<\/a> \u00dcber Menschen mit Behinderung berichten &#8211; Empfehlungen f\u00fcr JournalistInnen.<\/li>\n<li><a href=\"http:\/\/gesellschaftsbilder.de\/\">http:\/\/gesellschaftsbilder.de\/<\/a> Die Fotodatenbank fernab von Klischees \u00fcber Behinderung f\u00fcr Redaktionen, Medienmacher, Blogger und Interessierte.<\/li>\n<li><a href=\"https:\/\/wheelmap.org\/\">https:\/\/wheelmap.org\/<\/a> Deutschlandweit rollstuhlgerechte Orte finden und\/oder selbst markieren.<\/li>\n<li><a href=\"http:\/\/ramp-up.me\/\">http:\/\/ramp-up.me\/<\/a> Barrierefrei Veranstaltungen planen.<\/li>\n<li><a href=\"http:\/\/mondkalb-zeitung.de\/\">http:\/\/mondkalb-zeitung.de\/<\/a> Zeitung f\u00fcr das organisierte Gebrechen.<\/li>\n<li><a href=\"http:\/\/inklusionsfakten.de\/\">http:\/\/inklusionsfakten.de\/<\/a> \u00dcber Mythen und Fakten rund um das Thema schulische Inklusion.<\/li>\n<li><a href=\"http:\/\/die-andersmacher.org\/projekt-andersmacher\/\">http:\/\/die-andersmacher.org\/projekt-andersmacher\/<\/a> Menschen mit Behinderung sind genauso einzigartig wie alle anderen auch und gehen manchmal ungew\u00f6hnliche Wege. Hier stellen sie sich vor.<\/li>\n<li><a href=\"http:\/\/wohnsinn.org\/\">http:\/\/wohnsinn.org\/<\/a> Plattform f\u00fcr inklusives Wohnen.<\/li>\n<li><a href=\"http:\/\/www.hamburger-arbeitsassistenz.de\/\">http:\/\/www.hamburger-arbeitsassistenz.de\/<\/a> Vermittlung von ArbeitssassistentInnen und\/oder Hilfe bei beruflicher Integration von Menschen mit Behinderung.<\/li>\n<li><a href=\"http:\/\/www.touchdown21.info\/\">http:\/\/www.touchdown21.info\/<\/a> Forschungsprojekt mit und \u00fcber Menschen mit Trisomie 21.<\/li>\n<\/ul>\n<p style=\"text-align: right;\"><a href=\"#top\">nach oben<\/a><\/p>\n","protected":false},"excerpt":{"rendered":"<p>F\u00fcr Ihre weitere Besch\u00e4ftigung mit dem Thema Inklusion haben wir einige weiterf\u00fchrende Literaturhinweise und Links zusammengestellt (pdf hier): Literatur zum Inklusionsbegriff Disability Studies Biografische Literatur von Menschen mit Behinderungen und ihren Angeh\u00f6rigen Blogs von Betroffenen, Journalisten und Aktivisten Links zu interessanten Projekten und Hilfsmitteln im Netz \u00a0Literatur zum Inklusionsbegriff Balgo, R.\/R.Voss (1996): Wenn das Lernen [&hellip;]<\/p>\n","protected":false},"author":1,"featured_media":0,"parent":0,"menu_order":0,"comment_status":"closed","ping_status":"closed","template":"","meta":{"footnotes":""},"_links":{"self":[{"href":"https:\/\/buendnis-inklusion.de\/index.php?rest_route=\/wp\/v2\/pages\/714"}],"collection":[{"href":"https:\/\/buendnis-inklusion.de\/index.php?rest_route=\/wp\/v2\/pages"}],"about":[{"href":"https:\/\/buendnis-inklusion.de\/index.php?rest_route=\/wp\/v2\/types\/page"}],"author":[{"embeddable":true,"href":"https:\/\/buendnis-inklusion.de\/index.php?rest_route=\/wp\/v2\/users\/1"}],"replies":[{"embeddable":true,"href":"https:\/\/buendnis-inklusion.de\/index.php?rest_route=%2Fwp%2Fv2%2Fcomments&post=714"}],"version-history":[{"count":16,"href":"https:\/\/buendnis-inklusion.de\/index.php?rest_route=\/wp\/v2\/pages\/714\/revisions"}],"predecessor-version":[{"id":888,"href":"https:\/\/buendnis-inklusion.de\/index.php?rest_route=\/wp\/v2\/pages\/714\/revisions\/888"}],"wp:attachment":[{"href":"https:\/\/buendnis-inklusion.de\/index.php?rest_route=%2Fwp%2Fv2%2Fmedia&parent=714"}],"curies":[{"name":"wp","href":"https:\/\/api.w.org\/{rel}","templated":true}]}}